{"version":"1.0","provider_name":"RENAC","provider_url":"https:\/\/www.renac.de\/es\/","author_name":"k.bielenberg","author_url":"https:\/\/www.renac.de\/es\/author\/k-bielenberg\/","title":"Iniciativas bilaterales de cooperaci\u00f3n energ\u00e9tica - RENAC","type":"rich","width":600,"height":338,"html":"<blockquote class=\"wp-embedded-content\" data-secret=\"xWY0pVLLaW\"><a href=\"https:\/\/www.renac.de\/es\/nprojects\/iniciativas-bilaterales-de-cooperacion-energetica\/\">Iniciativas bilaterales de cooperaci\u00f3n energ\u00e9tica<\/a><\/blockquote><iframe sandbox=\"allow-scripts\" security=\"restricted\" src=\"https:\/\/www.renac.de\/es\/nprojects\/iniciativas-bilaterales-de-cooperacion-energetica\/embed\/#?secret=xWY0pVLLaW\" width=\"600\" height=\"338\" title=\"\u00abIniciativas bilaterales de cooperaci\u00f3n energ\u00e9tica\u00bb \u2014 RENAC\" data-secret=\"xWY0pVLLaW\" frameborder=\"0\" marginwidth=\"0\" marginheight=\"0\" scrolling=\"no\" class=\"wp-embedded-content\"><\/iframe><script type=\"text\/javascript\">\n\/* <![CDATA[ *\/\n\/*! This file is auto-generated *\/\n!function(d,l){\"use strict\";l.querySelector&&d.addEventListener&&\"undefined\"!=typeof URL&&(d.wp=d.wp||{},d.wp.receiveEmbedMessage||(d.wp.receiveEmbedMessage=function(e){var t=e.data;if((t||t.secret||t.message||t.value)&&!\/[^a-zA-Z0-9]\/.test(t.secret)){for(var s,r,n,a=l.querySelectorAll('iframe[data-secret=\"'+t.secret+'\"]'),o=l.querySelectorAll('blockquote[data-secret=\"'+t.secret+'\"]'),c=new RegExp(\"^https?:$\",\"i\"),i=0;i<o.length;i++)o[i].style.display=\"none\";for(i=0;i<a.length;i++)s=a[i],e.source===s.contentWindow&&(s.removeAttribute(\"style\"),\"height\"===t.message?(1e3<(r=parseInt(t.value,10))?r=1e3:~~r<200&&(r=200),s.height=r):\"link\"===t.message&&(r=new URL(s.getAttribute(\"src\")),n=new URL(t.value),c.test(n.protocol))&&n.host===r.host&&l.activeElement===s&&(d.top.location.href=t.value))}},d.addEventListener(\"message\",d.wp.receiveEmbedMessage,!1),l.addEventListener(\"DOMContentLoaded\",function(){for(var e,t,s=l.querySelectorAll(\"iframe.wp-embedded-content\"),r=0;r<s.length;r++)(t=(e=s[r]).getAttribute(\"data-secret\"))||(t=Math.random().toString(36).substring(2,12),e.src+=\"#?secret=\"+t,e.setAttribute(\"data-secret\",t)),e.contentWindow.postMessage({message:\"ready\",secret:t},\"*\")},!1)))}(window,document);\n\/* ]]> *\/\n<\/script>\n","thumbnail_url":null,"thumbnail_width":null,"thumbnail_height":null,"description":"Las colaboraciones internacionales formalizadas y los di\u00e1logos energ\u00e9ticos no formalizados del BMWi son el elemento clave de la cooperaci\u00f3n energ\u00e9tica bilateral del Gobierno Federal de Alemania. Los di\u00e1logos energ\u00e9ticos de alto nivel facilitan el intercambio bilateral peri\u00f3dico entre los gobiernos y otras instituciones y partes interesadas. Su objetivo es fortalecer la transici\u00f3n energ\u00e9tica, as\u00ed como construir relaciones energ\u00e9ticas de confianza y a largo plazo con los pa\u00edses socios, fomentando el aprendizaje mutuo sobre cuestiones clave de pol\u00edtica energ\u00e9tica, as\u00ed como retos y oportunidades comunes."}