{"id":18785,"date":"2023-10-12T11:41:42","date_gmt":"2023-10-12T11:41:42","guid":{"rendered":"https:\/\/renac-wp.test.3ip.eu\/nprojects\/conferencia-sobre-recuperacion-verde-para-centroamerica\/"},"modified":"2025-02-26T09:46:35","modified_gmt":"2025-02-26T08:46:35","slug":"conferencia-sobre-recuperacion-verde-para-centroamerica","status":"publish","type":"nprojects","link":"https:\/\/www.renac.de\/es\/nprojects\/conferencia-sobre-recuperacion-verde-para-centroamerica\/","title":{"rendered":"Conferencia sobre Recuperaci\u00f3n Verde para Centroam\u00e9rica"},"featured_media":14593,"template":"","product_tag":[],"class_list":["post-18785","nprojects","type-nprojects","status-publish","has-post-thumbnail","hentry"],"acf":[],"yoast_head":"<!-- This site is optimized with the Yoast SEO plugin v26.8 - https:\/\/yoast.com\/product\/yoast-seo-wordpress\/ -->\n<title>Conferencia sobre Recuperaci\u00f3n Verde para Centroam\u00e9rica - RENAC<\/title>\n<meta name=\"description\" content=\"Especialistas de todos los pa\u00edses centroamericanos participaron durante dos d\u00edas en la Conferencia sobre Recuperaci\u00f3n Verde para Centroam\u00e9rica para debatir posibles estrategias de Recuperaci\u00f3n Verde post COVID-19, acciones necesarias, buenas pr\u00e1cticas y nuevos hitos para un desarrollo s\u00f3lido del mercado de las ER.\" \/>\n<meta name=\"robots\" content=\"noindex, follow\" \/>\n<meta property=\"og:locale\" content=\"es_ES\" \/>\n<meta property=\"og:type\" content=\"article\" \/>\n<meta property=\"og:title\" content=\"Conferencia sobre Recuperaci\u00f3n Verde para Centroam\u00e9rica - RENAC\" \/>\n<meta property=\"og:description\" content=\"El \u00e1mbito de las oportunidades de empleo se convertir\u00e1 en un campo de acci\u00f3n crucial para que los gobiernos centroamericanos mitiguen los impactos negativos de la pandemia de Covid-19.\" \/>\n<meta property=\"og:url\" content=\"https:\/\/www.renac.de\/es\/nprojects\/conferencia-sobre-recuperacion-verde-para-centroamerica\/\" \/>\n<meta property=\"og:site_name\" content=\"RENAC\" \/>\n<meta property=\"article:modified_time\" content=\"2025-02-26T08:46:35+00:00\" \/>\n<meta name=\"twitter:card\" content=\"summary_large_image\" \/>\n<meta name=\"twitter:title\" content=\"Conferencia sobre Recuperaci\u00f3n Verde para Centroam\u00e9rica\" \/>\n<meta name=\"twitter:description\" content=\"El \u00e1mbito de las oportunidades de empleo se convertir\u00e1 en un campo de acci\u00f3n crucial para que los gobiernos centroamericanos mitiguen los impactos negativos de la pandemia de Covid-19.\" \/>\n<script type=\"application\/ld+json\" class=\"yoast-schema-graph\">{\"@context\":\"https:\/\/schema.org\",\"@graph\":[{\"@type\":\"WebPage\",\"@id\":\"https:\/\/www.renac.de\/es\/nprojects\/conferencia-sobre-recuperacion-verde-para-centroamerica\/\",\"url\":\"https:\/\/www.renac.de\/es\/nprojects\/conferencia-sobre-recuperacion-verde-para-centroamerica\/\",\"name\":\"Conferencia sobre Recuperaci\u00f3n Verde para Centroam\u00e9rica - RENAC\",\"isPartOf\":{\"@id\":\"https:\/\/www.renac.de\/es\/#website\"},\"primaryImageOfPage\":{\"@id\":\"https:\/\/www.renac.de\/es\/nprojects\/conferencia-sobre-recuperacion-verde-para-centroamerica\/#primaryimage\"},\"image\":{\"@id\":\"https:\/\/www.renac.de\/es\/nprojects\/conferencia-sobre-recuperacion-verde-para-centroamerica\/#primaryimage\"},\"thumbnailUrl\":\"\",\"datePublished\":\"2023-10-12T11:41:42+00:00\",\"dateModified\":\"2025-02-26T08:46:35+00:00\",\"description\":\"Especialistas de todos los pa\u00edses centroamericanos participaron durante dos d\u00edas en la Conferencia sobre Recuperaci\u00f3n Verde para Centroam\u00e9rica para debatir posibles estrategias de Recuperaci\u00f3n Verde post COVID-19, acciones necesarias, buenas pr\u00e1cticas y nuevos hitos para un desarrollo s\u00f3lido del mercado de las ER.\",\"breadcrumb\":{\"@id\":\"https:\/\/www.renac.de\/es\/nprojects\/conferencia-sobre-recuperacion-verde-para-centroamerica\/#breadcrumb\"},\"inLanguage\":\"es\",\"potentialAction\":[{\"@type\":\"ReadAction\",\"target\":[\"https:\/\/www.renac.de\/es\/nprojects\/conferencia-sobre-recuperacion-verde-para-centroamerica\/\"]}]},{\"@type\":\"ImageObject\",\"inLanguage\":\"es\",\"@id\":\"https:\/\/www.renac.de\/es\/nprojects\/conferencia-sobre-recuperacion-verde-para-centroamerica\/#primaryimage\",\"url\":\"\",\"contentUrl\":\"\"},{\"@type\":\"BreadcrumbList\",\"@id\":\"https:\/\/www.renac.de\/es\/nprojects\/conferencia-sobre-recuperacion-verde-para-centroamerica\/#breadcrumb\",\"itemListElement\":[{\"@type\":\"ListItem\",\"position\":1,\"name\":\"Startseite\",\"item\":\"https:\/\/www.renac.de\/es\/\"},{\"@type\":\"ListItem\",\"position\":2,\"name\":\"Conferencia sobre Recuperaci\u00f3n Verde para Centroam\u00e9rica\"}]},{\"@type\":\"WebSite\",\"@id\":\"https:\/\/www.renac.de\/es\/#website\",\"url\":\"https:\/\/www.renac.de\/es\/\",\"name\":\"RENAC\",\"description\":\"\",\"potentialAction\":[{\"@type\":\"SearchAction\",\"target\":{\"@type\":\"EntryPoint\",\"urlTemplate\":\"https:\/\/www.renac.de\/es\/?s={search_term_string}\"},\"query-input\":{\"@type\":\"PropertyValueSpecification\",\"valueRequired\":true,\"valueName\":\"search_term_string\"}}],\"inLanguage\":\"es\"}]}<\/script>\n<!-- \/ Yoast SEO plugin. -->","yoast_head_json":{"title":"Conferencia sobre Recuperaci\u00f3n Verde para Centroam\u00e9rica - RENAC","description":"Especialistas de todos los pa\u00edses centroamericanos participaron durante dos d\u00edas en la Conferencia sobre Recuperaci\u00f3n Verde para Centroam\u00e9rica para debatir posibles estrategias de Recuperaci\u00f3n Verde post COVID-19, acciones necesarias, buenas pr\u00e1cticas y nuevos hitos para un desarrollo s\u00f3lido del mercado de las ER.","robots":{"index":"noindex","follow":"follow"},"og_locale":"es_ES","og_type":"article","og_title":"Conferencia sobre Recuperaci\u00f3n Verde para Centroam\u00e9rica - RENAC","og_description":"El \u00e1mbito de las oportunidades de empleo se convertir\u00e1 en un campo de acci\u00f3n crucial para que los gobiernos centroamericanos mitiguen los impactos negativos de la pandemia de Covid-19.","og_url":"https:\/\/www.renac.de\/es\/nprojects\/conferencia-sobre-recuperacion-verde-para-centroamerica\/","og_site_name":"RENAC","article_modified_time":"2025-02-26T08:46:35+00:00","twitter_card":"summary_large_image","twitter_title":"Conferencia sobre Recuperaci\u00f3n Verde para Centroam\u00e9rica","twitter_description":"El \u00e1mbito de las oportunidades de empleo se convertir\u00e1 en un campo de acci\u00f3n crucial para que los gobiernos centroamericanos mitiguen los impactos negativos de la pandemia de Covid-19.","schema":{"@context":"https:\/\/schema.org","@graph":[{"@type":"WebPage","@id":"https:\/\/www.renac.de\/es\/nprojects\/conferencia-sobre-recuperacion-verde-para-centroamerica\/","url":"https:\/\/www.renac.de\/es\/nprojects\/conferencia-sobre-recuperacion-verde-para-centroamerica\/","name":"Conferencia sobre Recuperaci\u00f3n Verde para Centroam\u00e9rica - RENAC","isPartOf":{"@id":"https:\/\/www.renac.de\/es\/#website"},"primaryImageOfPage":{"@id":"https:\/\/www.renac.de\/es\/nprojects\/conferencia-sobre-recuperacion-verde-para-centroamerica\/#primaryimage"},"image":{"@id":"https:\/\/www.renac.de\/es\/nprojects\/conferencia-sobre-recuperacion-verde-para-centroamerica\/#primaryimage"},"thumbnailUrl":"","datePublished":"2023-10-12T11:41:42+00:00","dateModified":"2025-02-26T08:46:35+00:00","description":"Especialistas de todos los pa\u00edses centroamericanos participaron durante dos d\u00edas en la Conferencia sobre Recuperaci\u00f3n Verde para Centroam\u00e9rica para debatir posibles estrategias de Recuperaci\u00f3n Verde post COVID-19, acciones necesarias, buenas pr\u00e1cticas y nuevos hitos para un desarrollo s\u00f3lido del mercado de las ER.","breadcrumb":{"@id":"https:\/\/www.renac.de\/es\/nprojects\/conferencia-sobre-recuperacion-verde-para-centroamerica\/#breadcrumb"},"inLanguage":"es","potentialAction":[{"@type":"ReadAction","target":["https:\/\/www.renac.de\/es\/nprojects\/conferencia-sobre-recuperacion-verde-para-centroamerica\/"]}]},{"@type":"ImageObject","inLanguage":"es","@id":"https:\/\/www.renac.de\/es\/nprojects\/conferencia-sobre-recuperacion-verde-para-centroamerica\/#primaryimage","url":"","contentUrl":""},{"@type":"BreadcrumbList","@id":"https:\/\/www.renac.de\/es\/nprojects\/conferencia-sobre-recuperacion-verde-para-centroamerica\/#breadcrumb","itemListElement":[{"@type":"ListItem","position":1,"name":"Startseite","item":"https:\/\/www.renac.de\/es\/"},{"@type":"ListItem","position":2,"name":"Conferencia sobre Recuperaci\u00f3n Verde para Centroam\u00e9rica"}]},{"@type":"WebSite","@id":"https:\/\/www.renac.de\/es\/#website","url":"https:\/\/www.renac.de\/es\/","name":"RENAC","description":"","potentialAction":[{"@type":"SearchAction","target":{"@type":"EntryPoint","urlTemplate":"https:\/\/www.renac.de\/es\/?s={search_term_string}"},"query-input":{"@type":"PropertyValueSpecification","valueRequired":true,"valueName":"search_term_string"}}],"inLanguage":"es"}]}},"_links":{"self":[{"href":"https:\/\/www.renac.de\/es\/wp-json\/wp\/v2\/nprojects\/18785","targetHints":{"allow":["GET"]}}],"collection":[{"href":"https:\/\/www.renac.de\/es\/wp-json\/wp\/v2\/nprojects"}],"about":[{"href":"https:\/\/www.renac.de\/es\/wp-json\/wp\/v2\/types\/nprojects"}],"wp:featuredmedia":[{"embeddable":true,"href":"https:\/\/www.renac.de\/es\/wp-json\/"}],"wp:attachment":[{"href":"https:\/\/www.renac.de\/es\/wp-json\/wp\/v2\/media?parent=18785"}],"wp:term":[{"taxonomy":"product_tag","embeddable":true,"href":"https:\/\/www.renac.de\/es\/wp-json\/wp\/v2\/product_tag?post=18785"}],"curies":[{"name":"wp","href":"https:\/\/api.w.org\/{rel}","templated":true}]}}